{"id":10221,"date":"2022-09-02T21:48:54","date_gmt":"2022-09-02T19:48:54","guid":{"rendered":"http:\/\/krzyza.strzelin.archidiecezja.wroc.pl\/?page_id=10221"},"modified":"2026-02-13T19:18:11","modified_gmt":"2026-02-13T18:18:11","slug":"nauki-przedmalzenskie","status":"publish","type":"page","link":"http:\/\/krzyza.strzelin.archidiecezja.wroc.pl\/?page_id=10221","title":{"rendered":"Nauki przedma\u0142\u017ce\u0144skie"},"content":{"rendered":"<p style=\"text-align: center;\">Nauki przedma\u0142\u017ce\u0144skie w naszej parafii organizowane s\u0105 2 razy w roku: wiosn\u0105 i jesieni\u0105.<\/p>\n<p style=\"text-align: center;\">Spotkania\u00a0 odbywaj\u0105 si\u0119 o godz. 19:00 w domu katechetycznym.<\/p>\n<h1 style=\"text-align: center;\"><span style=\"color: #000000;\"><strong>Najbli\u017csze nauki rozpoczn\u0105 si\u0119 20 lutego (pi\u0105tek).<\/strong><\/span><\/h1>\n<h3 style=\"text-align: center;\"><strong>Zapisy na pierwszym spotkaniu.<\/strong><\/h3>\n<p style=\"text-align: center;\">\n","protected":false},"excerpt":{"rendered":"<p>Nauki przedma\u0142\u017ce\u0144skie w naszej parafii organizowane s\u0105 2 razy w roku: wiosn\u0105 i jesieni\u0105. Spotkania\u00a0 odbywaj\u0105 si\u0119 o godz. 19:00 w domu katechetycznym. Najbli\u017csze nauki rozpoczn\u0105 si\u0119 20 lutego (pi\u0105tek). Zapisy na pierwszym spotkaniu.<\/p>\n","protected":false},"author":1,"featured_media":10243,"parent":0,"menu_order":0,"comment_status":"closed","ping_status":"closed","template":"","meta":[],"_links":{"self":[{"href":"http:\/\/krzyza.strzelin.archidiecezja.wroc.pl\/index.php?rest_route=\/wp\/v2\/pages\/10221"}],"collection":[{"href":"http:\/\/krzyza.strzelin.archidiecezja.wroc.pl\/index.php?rest_route=\/wp\/v2\/pages"}],"about":[{"href":"http:\/\/krzyza.strzelin.archidiecezja.wroc.pl\/index.php?rest_route=\/wp\/v2\/types\/page"}],"author":[{"embeddable":true,"href":"http:\/\/krzyza.strzelin.archidiecezja.wroc.pl\/index.php?rest_route=\/wp\/v2\/users\/1"}],"replies":[{"embeddable":true,"href":"http:\/\/krzyza.strzelin.archidiecezja.wroc.pl\/index.php?rest_route=%2Fwp%2Fv2%2Fcomments&post=10221"}],"version-history":[{"count":8,"href":"http:\/\/krzyza.strzelin.archidiecezja.wroc.pl\/index.php?rest_route=\/wp\/v2\/pages\/10221\/revisions"}],"predecessor-version":[{"id":11049,"href":"http:\/\/krzyza.strzelin.archidiecezja.wroc.pl\/index.php?rest_route=\/wp\/v2\/pages\/10221\/revisions\/11049"}],"wp:featuredmedia":[{"embeddable":true,"href":"http:\/\/krzyza.strzelin.archidiecezja.wroc.pl\/index.php?rest_route=\/wp\/v2\/media\/10243"}],"wp:attachment":[{"href":"http:\/\/krzyza.strzelin.archidiecezja.wroc.pl\/index.php?rest_route=%2Fwp%2Fv2%2Fmedia&parent=10221"}],"curies":[{"name":"wp","href":"https:\/\/api.w.org\/{rel}","templated":true}]}}