{"id":11169,"date":"2026-07-18T09:48:04","date_gmt":"2026-07-18T07:48:04","guid":{"rendered":"http:\/\/krzyza.strzelin.archidiecezja.wroc.pl\/?page_id=11169"},"modified":"2026-09-05T09:17:43","modified_gmt":"2026-09-05T07:17:43","slug":"intencje-mszalne-2","status":"publish","type":"page","link":"http:\/\/krzyza.strzelin.archidiecezja.wroc.pl\/?page_id=11169","title":{"rendered":"Intencje Mszalne"},"content":{"rendered":"<p align=\"CENTER\"><span style=\"font-family: DejaVu Serif, serif;\"><span style=\"font-size: x-large;\"><b>INTENCJE MSZALNE 06-12.09.2026<\/b><\/span><\/span><\/p>\n<table border=\"1\" width=\"665\" cellspacing=\"0\" cellpadding=\"4\">\n<tbody>\n<tr>\n<td colspan=\"2\" valign=\"TOP\" bgcolor=\"#dddddd\" width=\"655\">\n<p align=\"CENTER\"><span style=\"font-family: Times New Roman, serif;\"><span style=\"font-size: medium;\">06.09 \u2013 XXIII NIEDZIELA W CI\u0104GU ROKU<\/span><\/span><\/p>\n<\/td>\n<\/tr>\n<tr>\n<td bgcolor=\"#ffffd7\" width=\"48\">\n<p align=\"RIGHT\"><span style=\"font-family: Times New Roman, serif;\"><span style=\"font-size: medium;\">7:00<\/span><\/span><\/p>\n<\/td>\n<td valign=\"TOP\" bgcolor=\"#ffffd7\" width=\"599\"><span style=\"font-family: Times New Roman, serif;\"><span style=\"font-size: medium;\">+ Wojciech MOLI\u0143SKI<\/span><\/span><\/td>\n<\/tr>\n<tr>\n<td width=\"48\">\n<p align=\"RIGHT\"><span style=\"font-family: Times New Roman, serif;\"><span style=\"font-size: medium;\">9:00<\/span><\/span><\/p>\n<\/td>\n<td valign=\"TOP\" width=\"599\"><span style=\"font-family: Times New Roman, serif;\"><span style=\"font-size: medium;\">+ Anna KOPROWSKA (2. r. \u015bm.)<\/span><\/span><\/td>\n<\/tr>\n<tr>\n<td bgcolor=\"#ffffd7\" width=\"48\">\n<p align=\"RIGHT\"><span style=\"font-family: Times New Roman, serif;\"><span style=\"font-size: medium;\">10:30<\/span><\/span><\/p>\n<\/td>\n<td valign=\"TOP\" bgcolor=\"#ffffd7\" width=\"599\"><span style=\"font-family: Times New Roman, serif;\"><span style=\"font-size: medium;\">O\u00a0Bo\u017ce b\u0142., zdrowie i\u00a0potrzebne \u0142aski dla Moniki i\u00a0B\u0142a\u017ceja w\u00a012. r. \u015blubu<\/span><\/span><\/td>\n<\/tr>\n<tr>\n<td width=\"48\">\n<p align=\"RIGHT\"><span style=\"font-family: Times New Roman, serif;\"><span style=\"font-size: medium;\">12:00<\/span><\/span><\/p>\n<\/td>\n<td valign=\"TOP\" width=\"599\"><span style=\"font-family: Times New Roman, serif;\"><span style=\"font-size: medium;\">ZBIOROWA<\/span><\/span><\/td>\n<\/tr>\n<tr>\n<td bgcolor=\"#ffffd7\" width=\"48\">\n<p align=\"RIGHT\"><span style=\"font-family: Times New Roman, serif;\"><span style=\"font-size: medium;\">16:00<\/span><\/span><\/p>\n<\/td>\n<td valign=\"TOP\" bgcolor=\"#ffffd7\" width=\"599\"><span style=\"font-family: Times New Roman, serif;\"><span style=\"font-size: medium;\">(gr. 6) + W\u0142adys\u0142aw JAGIE\u0141\u0141O<\/span><\/span><\/td>\n<\/tr>\n<tr>\n<td width=\"48\">\n<p align=\"RIGHT\"><span style=\"font-family: Times New Roman, serif;\"><span style=\"font-size: medium;\">18:00<\/span><\/span><\/p>\n<\/td>\n<td valign=\"TOP\" width=\"599\"><span style=\"font-family: Times New Roman, serif;\"><span style=\"font-size: medium;\">++ Alfreda (k), Zdzis\u0142aw KA\u0143SCY<\/span><\/span><\/p>\n<p><span style=\"font-family: Times New Roman, serif;\"><span style=\"font-size: medium;\">++ Krystyna, Jerzy BA\u0141WAKO<\/span><\/span><\/td>\n<\/tr>\n<tr>\n<td bgcolor=\"#ffffd7\" width=\"48\">\n<p align=\"RIGHT\"><span style=\"font-family: Times New Roman, serif;\"><span style=\"font-size: medium;\">20:00<\/span><\/span><\/p>\n<\/td>\n<td valign=\"TOP\" bgcolor=\"#ffffd7\" width=\"599\"><span style=\"font-family: Times New Roman, serif;\"><span style=\"font-size: medium;\">+ Mieczys\u0142aw KU\u015aNIERZ (4. r. \u015bm.), ++ rodzice: Katarzyna i\u00a0Antoni<\/span><\/span><\/td>\n<\/tr>\n<tr>\n<td colspan=\"2\" bgcolor=\"#dddddd\" width=\"655\">\n<p align=\"CENTER\"><span style=\"font-family: Times New Roman, serif;\"><span style=\"font-size: medium;\">07.09 \u2013 PONIEDZIA\u0141EK<\/span><\/span><\/p>\n<\/td>\n<\/tr>\n<tr>\n<td width=\"48\">\n<p align=\"RIGHT\"><span style=\"font-family: Times New Roman, serif;\"><span style=\"font-size: medium;\">7:00<\/span><\/span><\/p>\n<\/td>\n<td valign=\"TOP\" width=\"599\"><span style=\"font-family: Times New Roman, serif;\"><span style=\"font-size: medium;\">+ Wanda (6 mies. od \u015bmierci)<\/span><\/span><\/td>\n<\/tr>\n<tr>\n<td bgcolor=\"#ffffd7\" width=\"48\">\n<p align=\"RIGHT\"><span style=\"font-family: Times New Roman, serif;\"><span style=\"font-size: medium;\">18:00<\/span><\/span><\/p>\n<\/td>\n<td valign=\"TOP\" bgcolor=\"#ffffd7\" width=\"599\"><span style=\"font-family: Times New Roman, serif;\"><span style=\"font-size: medium;\">Dzi\u0119kcz.-b\u0142. Za Teres\u0119 i\u00a0Wiktora w\u00a046. r. \u015blubu<\/span><\/span><\/td>\n<\/tr>\n<tr>\n<td width=\"48\">\n<p align=\"RIGHT\"><span style=\"font-family: Times New Roman, serif;\"><span style=\"font-size: medium;\">18.00<\/span><\/span><\/p>\n<\/td>\n<td valign=\"TOP\" width=\"599\"><span style=\"font-family: Times New Roman, serif;\"><span style=\"font-size: medium;\">(gr. 7) + W\u0142adys\u0142aw JAGIE\u0141\u0141O<\/span><\/span><\/td>\n<\/tr>\n<tr>\n<td colspan=\"2\" bgcolor=\"#dddddd\" width=\"655\">\n<p align=\"CENTER\"><span style=\"font-family: Times New Roman, serif;\"><span style=\"font-size: medium;\">08.09 \u2013 WTOREK, NARODZENIE NMP<\/span><\/span><\/p>\n<\/td>\n<\/tr>\n<tr>\n<td width=\"48\">\n<p align=\"RIGHT\"><span style=\"font-family: Times New Roman, serif;\"><span style=\"font-size: medium;\">7:00<\/span><\/span><\/p>\n<\/td>\n<td valign=\"TOP\" width=\"599\"><span style=\"font-family: Times New Roman, serif;\"><span style=\"font-size: medium;\">+ Edward BA\u017bAK (12. r. \u015bm.), ++ rodzice<\/span><\/span><\/td>\n<\/tr>\n<tr>\n<td bgcolor=\"#ffffd7\" width=\"48\">\n<p align=\"RIGHT\"><span style=\"font-family: Times New Roman, serif;\"><span style=\"font-size: medium;\">18:00<\/span><\/span><\/p>\n<\/td>\n<td valign=\"TOP\" bgcolor=\"#ffffd7\" width=\"599\"><span style=\"font-family: Times New Roman, serif;\"><span style=\"font-size: medium;\">(gr. 8) + W\u0142adys\u0142aw JAGIE\u0141\u0141O<\/span><\/span><\/td>\n<\/tr>\n<tr>\n<td width=\"48\">\n<p align=\"RIGHT\"><span style=\"font-family: Times New Roman, serif;\"><span style=\"font-size: medium;\">18:00<\/span><\/span><\/p>\n<\/td>\n<td valign=\"TOP\" width=\"599\"><span style=\"font-family: Times New Roman, serif;\"><span style=\"font-size: medium;\">++ Dariusz, Zbigniew<\/span><\/span><\/td>\n<\/tr>\n<tr>\n<td colspan=\"2\" bgcolor=\"#dddddd\" width=\"655\">\n<p align=\"CENTER\"><span style=\"font-family: Times New Roman, serif;\"><span style=\"font-size: medium;\">09.09 \u2013 \u015aRODA<\/span><\/span><\/p>\n<\/td>\n<\/tr>\n<tr>\n<td width=\"48\">\n<p align=\"RIGHT\"><span style=\"font-family: Times New Roman, serif;\"><span style=\"font-size: medium;\">7:00<\/span><\/span><\/p>\n<\/td>\n<td valign=\"TOP\" width=\"599\"><span style=\"font-family: Times New Roman, serif;\"><span style=\"font-size: medium;\">(gr. 9) + W\u0142adys\u0142aw JAGIE\u0141\u0141O<\/span><\/span><\/td>\n<\/tr>\n<tr>\n<td width=\"48\">\n<p align=\"RIGHT\"><span style=\"font-family: Times New Roman, serif;\"><span style=\"font-size: medium;\">18:00<\/span><\/span><\/p>\n<\/td>\n<td valign=\"TOP\" width=\"599\"><span style=\"font-family: Times New Roman, serif;\"><span style=\"font-size: medium;\">ZBIOROWA<\/span><\/span><\/td>\n<\/tr>\n<tr>\n<td colspan=\"2\" bgcolor=\"#dddddd\" width=\"655\">\n<p align=\"CENTER\"><span style=\"font-family: Times New Roman, serif;\"><span style=\"font-size: medium;\">10.09 \u2013 CZWARTEK<\/span><\/span><\/p>\n<\/td>\n<\/tr>\n<tr>\n<td width=\"48\">\n<p align=\"RIGHT\"><span style=\"font-family: Times New Roman, serif;\"><span style=\"font-size: medium;\">7:00<\/span><\/span><\/p>\n<\/td>\n<td valign=\"TOP\" width=\"599\"><span style=\"font-family: Times New Roman, serif;\"><span style=\"font-size: medium;\">+ Tadeusz KOPANIARZ <span style=\"font-size: small;\">\/od Mariusza Kostrzewy z\u00a0rodzin\u0105\/<\/span><\/span><\/span><\/td>\n<\/tr>\n<tr>\n<td bgcolor=\"#ffffd7\" width=\"48\">\n<p align=\"RIGHT\"><span style=\"font-family: Times New Roman, serif;\"><span style=\"font-size: medium;\">18:00<\/span><\/span><\/p>\n<\/td>\n<td valign=\"TOP\" bgcolor=\"#ffffd7\" width=\"599\"><span style=\"font-family: Times New Roman, serif;\"><span style=\"font-size: medium;\">+ Jan BEM (20. r. \u015bm.)<\/span><\/span><\/td>\n<\/tr>\n<tr>\n<td width=\"48\" height=\"9\">\n<p align=\"RIGHT\"><span style=\"font-family: Times New Roman, serif;\"><span style=\"font-size: medium;\">18:00<\/span><\/span><\/p>\n<\/td>\n<td valign=\"TOP\" width=\"599\"><span style=\"font-family: Times New Roman, serif;\"><span style=\"font-size: medium;\">(gr. 10) + W\u0142adys\u0142aw JAGIE\u0141\u0141O<\/span><\/span><\/td>\n<\/tr>\n<tr>\n<td colspan=\"2\" bgcolor=\"#dddddd\" width=\"655\">\n<p align=\"CENTER\"><span style=\"font-family: Times New Roman, serif;\"><span style=\"font-size: medium;\">11.09 \u2013 PI\u0104TEK<\/span><\/span><\/p>\n<\/td>\n<\/tr>\n<tr>\n<td width=\"48\">\n<p align=\"RIGHT\"><span style=\"font-family: Times New Roman, serif;\"><span style=\"font-size: medium;\">7:00<\/span><\/span><\/p>\n<\/td>\n<td valign=\"TOP\" width=\"599\"><span style=\"font-family: Times New Roman, serif;\"><span style=\"font-size: medium;\">(gr. 11) + W\u0142adys\u0142aw JAGIE\u0141\u0141O<\/span><\/span><\/td>\n<\/tr>\n<tr>\n<td bgcolor=\"#ffffd7\" width=\"48\">\n<p align=\"RIGHT\"><span style=\"font-family: Times New Roman, serif;\"><span style=\"font-size: medium;\">7:00<\/span><\/span><\/p>\n<\/td>\n<td valign=\"TOP\" bgcolor=\"#ffffd7\" width=\"599\"><span style=\"font-family: Times New Roman, serif;\"><span style=\"font-size: medium;\">++ Boles\u0142aw, Pelagia, Wawrzyniec<\/span><\/span><\/td>\n<\/tr>\n<tr>\n<td width=\"48\">\n<p align=\"RIGHT\"><span style=\"font-family: Times New Roman, serif;\"><span style=\"font-size: medium;\">18:00<\/span><\/span><\/p>\n<\/td>\n<td valign=\"TOP\" width=\"599\"><span style=\"font-family: Times New Roman, serif;\"><span style=\"font-size: medium;\">O\u00a0Bo\u017ce b\u0142., zdrowie dla Moniki i\u00a0Jaros\u0142awa w\u00a050. r. urodzin<\/span><\/span><\/td>\n<\/tr>\n<tr>\n<td colspan=\"2\" bgcolor=\"#dddddd\" width=\"655\">\n<p align=\"CENTER\"><span style=\"font-family: Times New Roman, serif;\"><span style=\"font-size: medium;\">12.09 \u2013 SOBOTA<\/span><\/span><\/p>\n<\/td>\n<\/tr>\n<tr>\n<td width=\"48\">\n<p align=\"RIGHT\"><span style=\"font-family: Times New Roman, serif;\"><span style=\"font-size: medium;\">7:00<\/span><\/span><\/p>\n<\/td>\n<td valign=\"TOP\" width=\"599\"><span style=\"font-family: Times New Roman, serif;\"><span style=\"font-size: medium;\">(gr. 12) + W\u0142adys\u0142aw JAGIE\u0141\u0141O<\/span><\/span><\/td>\n<\/tr>\n<tr>\n<td bgcolor=\"#ffffd7\" width=\"48\">\n<p align=\"RIGHT\"><span style=\"font-family: Times New Roman, serif;\"><span style=\"font-size: medium;\">18:00<\/span><\/span><\/p>\n<\/td>\n<td valign=\"TOP\" bgcolor=\"#ffffd7\" width=\"599\"><span style=\"font-family: Times New Roman, serif;\"><span style=\"font-size: medium;\">+ Pawe\u0142 SMOLA\u0143SKI<\/span><\/span><\/p>\n<p><span style=\"font-family: Times New Roman, serif;\"><span style=\"font-size: medium;\">++ Maria, Micha\u0142, Agnieszka, J\u00f3zef SMOLA\u0143SCY<\/span><\/span><\/td>\n<\/tr>\n<\/tbody>\n<\/table>\n<p>&nbsp;<\/p>\n","protected":false},"excerpt":{"rendered":"<p>INTENCJE MSZALNE 06-12.09.2026 06.09 \u2013 XXIII NIEDZIELA W CI\u0104GU ROKU 7:00 + Wojciech MOLI\u0143SKI 9:00 + Anna KOPROWSKA (2. r. \u015bm.) 10:30 O\u00a0Bo\u017ce b\u0142., zdrowie i\u00a0potrzebne \u0142aski dla Moniki i\u00a0B\u0142a\u017ceja w\u00a012. r. \u015blubu 12:00 ZBIOROWA 16:00 (gr. 6) + W\u0142adys\u0142aw JAGIE\u0141\u0141O 18:00 ++ Alfreda (k), Zdzis\u0142aw KA\u0143SCY ++ Krystyna, Jerzy BA\u0141WAKO 20:00 + Mieczys\u0142aw KU\u015aNIERZ&#8230;<\/p>\n","protected":false},"author":1,"featured_media":0,"parent":0,"menu_order":0,"comment_status":"closed","ping_status":"closed","template":"","meta":[],"_links":{"self":[{"href":"http:\/\/krzyza.strzelin.archidiecezja.wroc.pl\/index.php?rest_route=\/wp\/v2\/pages\/11169"}],"collection":[{"href":"http:\/\/krzyza.strzelin.archidiecezja.wroc.pl\/index.php?rest_route=\/wp\/v2\/pages"}],"about":[{"href":"http:\/\/krzyza.strzelin.archidiecezja.wroc.pl\/index.php?rest_route=\/wp\/v2\/types\/page"}],"author":[{"embeddable":true,"href":"http:\/\/krzyza.strzelin.archidiecezja.wroc.pl\/index.php?rest_route=\/wp\/v2\/users\/1"}],"replies":[{"embeddable":true,"href":"http:\/\/krzyza.strzelin.archidiecezja.wroc.pl\/index.php?rest_route=%2Fwp%2Fv2%2Fcomments&post=11169"}],"version-history":[{"count":7,"href":"http:\/\/krzyza.strzelin.archidiecezja.wroc.pl\/index.php?rest_route=\/wp\/v2\/pages\/11169\/revisions"}],"predecessor-version":[{"id":11193,"href":"http:\/\/krzyza.strzelin.archidiecezja.wroc.pl\/index.php?rest_route=\/wp\/v2\/pages\/11169\/revisions\/11193"}],"wp:attachment":[{"href":"http:\/\/krzyza.strzelin.archidiecezja.wroc.pl\/index.php?rest_route=%2Fwp%2Fv2%2Fmedia&parent=11169"}],"curies":[{"name":"wp","href":"https:\/\/api.w.org\/{rel}","templated":true}]}}