{"id":199,"date":"2014-02-07T21:26:22","date_gmt":"2014-02-07T20:26:22","guid":{"rendered":"http:\/\/krzyza.strzelin.archidiecezja.wroc.pl\/?page_id=199"},"modified":"2021-02-20T20:02:19","modified_gmt":"2021-02-20T19:02:19","slug":"schola-mlodiezowa","status":"publish","type":"page","link":"http:\/\/krzyza.strzelin.archidiecezja.wroc.pl\/?page_id=199","title":{"rendered":"Ch\u00f3r parafialny"},"content":{"rendered":"<p style=\"text-align: center;\">Ch\u00f3r parafialny dzia\u0142a przy naszej parafii od wrze\u015bnia 2013 roku. Tworz\u0105 go zar\u00f3wno osoby doros\u0142e jak i m\u0142odzie\u017c. \u015apiewa\u0107 ka\u017cdy mo\u017ce!<\/p>\n<p style=\"text-align: center;\">Opiekunem ch\u00f3ru jest ks. Micha\u0142 Staszak.<\/p>\n<p><em>\u00a0<\/em><\/p>\n\n\t\t<style type=\"text\/css\">\n\t\t\t#gallery-1 {\n\t\t\t\tmargin: auto;\n\t\t\t}\n\t\t\t#gallery-1 .gallery-item {\n\t\t\t\tfloat: left;\n\t\t\t\tmargin-top: 10px;\n\t\t\t\ttext-align: center;\n\t\t\t\twidth: 33%;\n\t\t\t}\n\t\t\t#gallery-1 img {\n\t\t\t\tborder: 2px solid #cfcfcf;\n\t\t\t}\n\t\t\t#gallery-1 .gallery-caption {\n\t\t\t\tmargin-left: 0;\n\t\t\t}\n\t\t\t\/* see gallery_shortcode() in wp-includes\/media.php *\/\n\t\t<\/style>\n\t\t<div id='gallery-1' class='gallery galleryid-199 gallery-columns-3 gallery-size-thumbnail'><dl class='gallery-item'>\n\t\t\t<dt class='gallery-icon landscape'>\n\t\t\t\t<a href='http:\/\/krzyza.strzelin.archidiecezja.wroc.pl\/wp-content\/uploads\/2014\/02\/IMG_0151.jpg' title=\"\" data-rl_title=\"\" class=\"rl-gallery-link\" data-rl_caption=\"\" data-rel=\"lightbox-gallery-1\"><img width=\"150\" height=\"150\" src=\"http:\/\/krzyza.strzelin.archidiecezja.wroc.pl\/wp-content\/uploads\/2014\/02\/IMG_0151-150x150.jpg\" class=\"attachment-thumbnail size-thumbnail\" alt=\"\" decoding=\"async\" loading=\"lazy\" \/><\/a>\n\t\t\t<\/dt><\/dl><dl class='gallery-item'>\n\t\t\t<dt class='gallery-icon landscape'>\n\t\t\t\t<a href='http:\/\/krzyza.strzelin.archidiecezja.wroc.pl\/wp-content\/uploads\/2015\/09\/IMG_1921.jpg' title=\"\" data-rl_title=\"\" class=\"rl-gallery-link\" data-rl_caption=\"\" data-rel=\"lightbox-gallery-1\"><img width=\"150\" height=\"150\" src=\"http:\/\/krzyza.strzelin.archidiecezja.wroc.pl\/wp-content\/uploads\/2015\/09\/IMG_1921-150x150.jpg\" class=\"attachment-thumbnail size-thumbnail\" alt=\"\" decoding=\"async\" loading=\"lazy\" \/><\/a>\n\t\t\t<\/dt><\/dl><dl class='gallery-item'>\n\t\t\t<dt class='gallery-icon landscape'>\n\t\t\t\t<a href='http:\/\/krzyza.strzelin.archidiecezja.wroc.pl\/wp-content\/uploads\/2014\/02\/IMG_9829.jpg' title=\"\" data-rl_title=\"\" class=\"rl-gallery-link\" data-rl_caption=\"\" data-rel=\"lightbox-gallery-1\"><img width=\"150\" height=\"150\" src=\"http:\/\/krzyza.strzelin.archidiecezja.wroc.pl\/wp-content\/uploads\/2014\/02\/IMG_9829-150x150.jpg\" class=\"attachment-thumbnail size-thumbnail\" alt=\"\" decoding=\"async\" loading=\"lazy\" \/><\/a>\n\t\t\t<\/dt><\/dl><br style=\"clear: both\" \/><dl class='gallery-item'>\n\t\t\t<dt class='gallery-icon landscape'>\n\t\t\t\t<a href='http:\/\/krzyza.strzelin.archidiecezja.wroc.pl\/wp-content\/uploads\/2014\/02\/IMG_9483.jpg' title=\"\" data-rl_title=\"\" class=\"rl-gallery-link\" data-rl_caption=\"\" data-rel=\"lightbox-gallery-1\"><img width=\"150\" height=\"150\" src=\"http:\/\/krzyza.strzelin.archidiecezja.wroc.pl\/wp-content\/uploads\/2014\/02\/IMG_9483-150x150.jpg\" class=\"attachment-thumbnail size-thumbnail\" alt=\"\" decoding=\"async\" loading=\"lazy\" \/><\/a>\n\t\t\t<\/dt><\/dl><dl class='gallery-item'>\n\t\t\t<dt class='gallery-icon landscape'>\n\t\t\t\t<a href='http:\/\/krzyza.strzelin.archidiecezja.wroc.pl\/wp-content\/uploads\/2014\/02\/IMG_8744.jpg' title=\"\" data-rl_title=\"\" class=\"rl-gallery-link\" data-rl_caption=\"\" data-rel=\"lightbox-gallery-1\"><img width=\"150\" height=\"150\" src=\"http:\/\/krzyza.strzelin.archidiecezja.wroc.pl\/wp-content\/uploads\/2014\/02\/IMG_8744-150x150.jpg\" class=\"attachment-thumbnail size-thumbnail\" alt=\"\" decoding=\"async\" loading=\"lazy\" \/><\/a>\n\t\t\t<\/dt><\/dl><dl class='gallery-item'>\n\t\t\t<dt class='gallery-icon landscape'>\n\t\t\t\t<a href='http:\/\/krzyza.strzelin.archidiecezja.wroc.pl\/wp-content\/uploads\/2017\/12\/IMG_0745.jpg' title=\"\" data-rl_title=\"\" class=\"rl-gallery-link\" data-rl_caption=\"\" data-rel=\"lightbox-gallery-1\"><img width=\"150\" height=\"150\" src=\"http:\/\/krzyza.strzelin.archidiecezja.wroc.pl\/wp-content\/uploads\/2017\/12\/IMG_0745-150x150.jpg\" class=\"attachment-thumbnail size-thumbnail\" alt=\"\" decoding=\"async\" loading=\"lazy\" srcset=\"http:\/\/krzyza.strzelin.archidiecezja.wroc.pl\/wp-content\/uploads\/2017\/12\/IMG_0745-150x150.jpg 150w, http:\/\/krzyza.strzelin.archidiecezja.wroc.pl\/wp-content\/uploads\/2017\/12\/IMG_0745-2x1.jpg 2w\" sizes=\"(max-width: 150px) 100vw, 150px\" \/><\/a>\n\t\t\t<\/dt><\/dl><br style=\"clear: both\" \/><dl class='gallery-item'>\n\t\t\t<dt class='gallery-icon landscape'>\n\t\t\t\t<a href='http:\/\/krzyza.strzelin.archidiecezja.wroc.pl\/wp-content\/uploads\/2017\/12\/IMG_0749.jpg' title=\"\" data-rl_title=\"\" class=\"rl-gallery-link\" data-rl_caption=\"\" data-rel=\"lightbox-gallery-1\"><img width=\"150\" height=\"150\" src=\"http:\/\/krzyza.strzelin.archidiecezja.wroc.pl\/wp-content\/uploads\/2017\/12\/IMG_0749-150x150.jpg\" class=\"attachment-thumbnail size-thumbnail\" alt=\"\" decoding=\"async\" loading=\"lazy\" srcset=\"http:\/\/krzyza.strzelin.archidiecezja.wroc.pl\/wp-content\/uploads\/2017\/12\/IMG_0749-150x150.jpg 150w, http:\/\/krzyza.strzelin.archidiecezja.wroc.pl\/wp-content\/uploads\/2017\/12\/IMG_0749-2x1.jpg 2w\" sizes=\"(max-width: 150px) 100vw, 150px\" \/><\/a>\n\t\t\t<\/dt><\/dl><dl class='gallery-item'>\n\t\t\t<dt class='gallery-icon landscape'>\n\t\t\t\t<a href='http:\/\/krzyza.strzelin.archidiecezja.wroc.pl\/wp-content\/uploads\/2017\/12\/IMG_0753.jpg' title=\"\" data-rl_title=\"\" class=\"rl-gallery-link\" data-rl_caption=\"\" data-rel=\"lightbox-gallery-1\"><img width=\"150\" height=\"150\" src=\"http:\/\/krzyza.strzelin.archidiecezja.wroc.pl\/wp-content\/uploads\/2017\/12\/IMG_0753-150x150.jpg\" class=\"attachment-thumbnail size-thumbnail\" alt=\"\" decoding=\"async\" loading=\"lazy\" srcset=\"http:\/\/krzyza.strzelin.archidiecezja.wroc.pl\/wp-content\/uploads\/2017\/12\/IMG_0753-150x150.jpg 150w, http:\/\/krzyza.strzelin.archidiecezja.wroc.pl\/wp-content\/uploads\/2017\/12\/IMG_0753-2x1.jpg 2w\" sizes=\"(max-width: 150px) 100vw, 150px\" \/><\/a>\n\t\t\t<\/dt><\/dl><dl class='gallery-item'>\n\t\t\t<dt class='gallery-icon landscape'>\n\t\t\t\t<a href='http:\/\/krzyza.strzelin.archidiecezja.wroc.pl\/wp-content\/uploads\/2018\/02\/IMG_3485.jpg' title=\"\" data-rl_title=\"\" class=\"rl-gallery-link\" data-rl_caption=\"\" data-rel=\"lightbox-gallery-1\"><img width=\"150\" height=\"150\" src=\"http:\/\/krzyza.strzelin.archidiecezja.wroc.pl\/wp-content\/uploads\/2018\/02\/IMG_3485-150x150.jpg\" class=\"attachment-thumbnail size-thumbnail\" alt=\"\" decoding=\"async\" loading=\"lazy\" srcset=\"http:\/\/krzyza.strzelin.archidiecezja.wroc.pl\/wp-content\/uploads\/2018\/02\/IMG_3485-150x150.jpg 150w, http:\/\/krzyza.strzelin.archidiecezja.wroc.pl\/wp-content\/uploads\/2018\/02\/IMG_3485-2x1.jpg 2w\" sizes=\"(max-width: 150px) 100vw, 150px\" \/><\/a>\n\t\t\t<\/dt><\/dl><br style=\"clear: both\" \/><dl class='gallery-item'>\n\t\t\t<dt class='gallery-icon portrait'>\n\t\t\t\t<a href='http:\/\/krzyza.strzelin.archidiecezja.wroc.pl\/wp-content\/uploads\/2018\/02\/IMG_3488.jpg' title=\"\" data-rl_title=\"\" class=\"rl-gallery-link\" data-rl_caption=\"\" data-rel=\"lightbox-gallery-1\"><img width=\"150\" height=\"150\" src=\"http:\/\/krzyza.strzelin.archidiecezja.wroc.pl\/wp-content\/uploads\/2018\/02\/IMG_3488-150x150.jpg\" class=\"attachment-thumbnail size-thumbnail\" alt=\"\" decoding=\"async\" loading=\"lazy\" srcset=\"http:\/\/krzyza.strzelin.archidiecezja.wroc.pl\/wp-content\/uploads\/2018\/02\/IMG_3488-150x150.jpg 150w, http:\/\/krzyza.strzelin.archidiecezja.wroc.pl\/wp-content\/uploads\/2018\/02\/IMG_3488-1x1.jpg 1w\" sizes=\"(max-width: 150px) 100vw, 150px\" \/><\/a>\n\t\t\t<\/dt><\/dl><dl class='gallery-item'>\n\t\t\t<dt class='gallery-icon landscape'>\n\t\t\t\t<a href='http:\/\/krzyza.strzelin.archidiecezja.wroc.pl\/wp-content\/uploads\/2018\/02\/IMG_3491.jpg' title=\"\" data-rl_title=\"\" class=\"rl-gallery-link\" data-rl_caption=\"\" data-rel=\"lightbox-gallery-1\"><img width=\"150\" height=\"150\" src=\"http:\/\/krzyza.strzelin.archidiecezja.wroc.pl\/wp-content\/uploads\/2018\/02\/IMG_3491-150x150.jpg\" class=\"attachment-thumbnail size-thumbnail\" alt=\"\" decoding=\"async\" loading=\"lazy\" srcset=\"http:\/\/krzyza.strzelin.archidiecezja.wroc.pl\/wp-content\/uploads\/2018\/02\/IMG_3491-150x150.jpg 150w, http:\/\/krzyza.strzelin.archidiecezja.wroc.pl\/wp-content\/uploads\/2018\/02\/IMG_3491-2x1.jpg 2w\" sizes=\"(max-width: 150px) 100vw, 150px\" \/><\/a>\n\t\t\t<\/dt><\/dl><dl class='gallery-item'>\n\t\t\t<dt class='gallery-icon landscape'>\n\t\t\t\t<a href='http:\/\/krzyza.strzelin.archidiecezja.wroc.pl\/wp-content\/uploads\/2018\/02\/IMG_3520.jpg' title=\"\" data-rl_title=\"\" class=\"rl-gallery-link\" data-rl_caption=\"\" data-rel=\"lightbox-gallery-1\"><img width=\"150\" height=\"150\" src=\"http:\/\/krzyza.strzelin.archidiecezja.wroc.pl\/wp-content\/uploads\/2018\/02\/IMG_3520-150x150.jpg\" class=\"attachment-thumbnail size-thumbnail\" alt=\"\" decoding=\"async\" loading=\"lazy\" srcset=\"http:\/\/krzyza.strzelin.archidiecezja.wroc.pl\/wp-content\/uploads\/2018\/02\/IMG_3520-150x150.jpg 150w, http:\/\/krzyza.strzelin.archidiecezja.wroc.pl\/wp-content\/uploads\/2018\/02\/IMG_3520-2x1.jpg 2w\" sizes=\"(max-width: 150px) 100vw, 150px\" \/><\/a>\n\t\t\t<\/dt><\/dl><br style=\"clear: both\" \/><dl class='gallery-item'>\n\t\t\t<dt class='gallery-icon landscape'>\n\t\t\t\t<a href='http:\/\/krzyza.strzelin.archidiecezja.wroc.pl\/wp-content\/uploads\/2018\/09\/IMG_1689.jpg' title=\"\" data-rl_title=\"\" class=\"rl-gallery-link\" data-rl_caption=\"\" data-rel=\"lightbox-gallery-1\"><img width=\"150\" height=\"150\" src=\"http:\/\/krzyza.strzelin.archidiecezja.wroc.pl\/wp-content\/uploads\/2018\/09\/IMG_1689-150x150.jpg\" class=\"attachment-thumbnail size-thumbnail\" alt=\"\" decoding=\"async\" loading=\"lazy\" srcset=\"http:\/\/krzyza.strzelin.archidiecezja.wroc.pl\/wp-content\/uploads\/2018\/09\/IMG_1689-150x150.jpg 150w, http:\/\/krzyza.strzelin.archidiecezja.wroc.pl\/wp-content\/uploads\/2018\/09\/IMG_1689-2x1.jpg 2w\" sizes=\"(max-width: 150px) 100vw, 150px\" \/><\/a>\n\t\t\t<\/dt><\/dl><dl class='gallery-item'>\n\t\t\t<dt class='gallery-icon landscape'>\n\t\t\t\t<a href='http:\/\/krzyza.strzelin.archidiecezja.wroc.pl\/wp-content\/uploads\/2019\/07\/IMG_6973.jpg' title=\"\" data-rl_title=\"\" class=\"rl-gallery-link\" data-rl_caption=\"\" data-rel=\"lightbox-gallery-1\"><img width=\"150\" height=\"150\" src=\"http:\/\/krzyza.strzelin.archidiecezja.wroc.pl\/wp-content\/uploads\/2019\/07\/IMG_6973-150x150.jpg\" class=\"attachment-thumbnail size-thumbnail\" alt=\"\" decoding=\"async\" loading=\"lazy\" srcset=\"http:\/\/krzyza.strzelin.archidiecezja.wroc.pl\/wp-content\/uploads\/2019\/07\/IMG_6973-150x150.jpg 150w, http:\/\/krzyza.strzelin.archidiecezja.wroc.pl\/wp-content\/uploads\/2019\/07\/IMG_6973-2x1.jpg 2w\" sizes=\"(max-width: 150px) 100vw, 150px\" \/><\/a>\n\t\t\t<\/dt><\/dl><dl class='gallery-item'>\n\t\t\t<dt class='gallery-icon landscape'>\n\t\t\t\t<a href='http:\/\/krzyza.strzelin.archidiecezja.wroc.pl\/wp-content\/uploads\/2019\/07\/IMG_7151.jpg' title=\"\" data-rl_title=\"\" class=\"rl-gallery-link\" data-rl_caption=\"\" data-rel=\"lightbox-gallery-1\"><img width=\"150\" height=\"150\" src=\"http:\/\/krzyza.strzelin.archidiecezja.wroc.pl\/wp-content\/uploads\/2019\/07\/IMG_7151-150x150.jpg\" class=\"attachment-thumbnail size-thumbnail\" alt=\"\" decoding=\"async\" loading=\"lazy\" srcset=\"http:\/\/krzyza.strzelin.archidiecezja.wroc.pl\/wp-content\/uploads\/2019\/07\/IMG_7151-150x150.jpg 150w, http:\/\/krzyza.strzelin.archidiecezja.wroc.pl\/wp-content\/uploads\/2019\/07\/IMG_7151-2x1.jpg 2w\" sizes=\"(max-width: 150px) 100vw, 150px\" \/><\/a>\n\t\t\t<\/dt><\/dl><br style=\"clear: both\" \/><dl class='gallery-item'>\n\t\t\t<dt class='gallery-icon landscape'>\n\t\t\t\t<a href='http:\/\/krzyza.strzelin.archidiecezja.wroc.pl\/wp-content\/uploads\/2019\/07\/IMG_7177.jpg' title=\"\" data-rl_title=\"\" class=\"rl-gallery-link\" data-rl_caption=\"\" data-rel=\"lightbox-gallery-1\"><img width=\"150\" height=\"150\" src=\"http:\/\/krzyza.strzelin.archidiecezja.wroc.pl\/wp-content\/uploads\/2019\/07\/IMG_7177-150x150.jpg\" class=\"attachment-thumbnail size-thumbnail\" alt=\"\" decoding=\"async\" loading=\"lazy\" srcset=\"http:\/\/krzyza.strzelin.archidiecezja.wroc.pl\/wp-content\/uploads\/2019\/07\/IMG_7177-150x150.jpg 150w, http:\/\/krzyza.strzelin.archidiecezja.wroc.pl\/wp-content\/uploads\/2019\/07\/IMG_7177-2x1.jpg 2w\" sizes=\"(max-width: 150px) 100vw, 150px\" \/><\/a>\n\t\t\t<\/dt><\/dl><dl class='gallery-item'>\n\t\t\t<dt class='gallery-icon portrait'>\n\t\t\t\t<a href='http:\/\/krzyza.strzelin.archidiecezja.wroc.pl\/wp-content\/uploads\/2019\/07\/IMG_7511.jpg' title=\"\" data-rl_title=\"\" class=\"rl-gallery-link\" data-rl_caption=\"\" data-rel=\"lightbox-gallery-1\"><img width=\"150\" height=\"150\" src=\"http:\/\/krzyza.strzelin.archidiecezja.wroc.pl\/wp-content\/uploads\/2019\/07\/IMG_7511-150x150.jpg\" class=\"attachment-thumbnail size-thumbnail\" alt=\"\" decoding=\"async\" loading=\"lazy\" srcset=\"http:\/\/krzyza.strzelin.archidiecezja.wroc.pl\/wp-content\/uploads\/2019\/07\/IMG_7511-150x150.jpg 150w, http:\/\/krzyza.strzelin.archidiecezja.wroc.pl\/wp-content\/uploads\/2019\/07\/IMG_7511-1x1.jpg 1w\" sizes=\"(max-width: 150px) 100vw, 150px\" \/><\/a>\n\t\t\t<\/dt><\/dl><dl class='gallery-item'>\n\t\t\t<dt class='gallery-icon landscape'>\n\t\t\t\t<a href='http:\/\/krzyza.strzelin.archidiecezja.wroc.pl\/wp-content\/uploads\/2019\/07\/IMG_7496.jpg' title=\"\" data-rl_title=\"\" class=\"rl-gallery-link\" data-rl_caption=\"\" data-rel=\"lightbox-gallery-1\"><img width=\"150\" height=\"150\" src=\"http:\/\/krzyza.strzelin.archidiecezja.wroc.pl\/wp-content\/uploads\/2019\/07\/IMG_7496-150x150.jpg\" class=\"attachment-thumbnail size-thumbnail\" alt=\"\" decoding=\"async\" loading=\"lazy\" srcset=\"http:\/\/krzyza.strzelin.archidiecezja.wroc.pl\/wp-content\/uploads\/2019\/07\/IMG_7496-150x150.jpg 150w, http:\/\/krzyza.strzelin.archidiecezja.wroc.pl\/wp-content\/uploads\/2019\/07\/IMG_7496-2x1.jpg 2w\" sizes=\"(max-width: 150px) 100vw, 150px\" \/><\/a>\n\t\t\t<\/dt><\/dl><br style=\"clear: both\" \/>\n\t\t<\/div>\n\n","protected":false},"excerpt":{"rendered":"<p>Ch\u00f3r parafialny dzia\u0142a przy naszej parafii od wrze\u015bnia 2013 roku. Tworz\u0105 go zar\u00f3wno osoby doros\u0142e jak i m\u0142odzie\u017c. \u015apiewa\u0107 ka\u017cdy mo\u017ce! Opiekunem ch\u00f3ru jest ks. Micha\u0142 Staszak. \u00a0<\/p>\n","protected":false},"author":1,"featured_media":8016,"parent":0,"menu_order":0,"comment_status":"closed","ping_status":"open","template":"","meta":[],"_links":{"self":[{"href":"http:\/\/krzyza.strzelin.archidiecezja.wroc.pl\/index.php?rest_route=\/wp\/v2\/pages\/199"}],"collection":[{"href":"http:\/\/krzyza.strzelin.archidiecezja.wroc.pl\/index.php?rest_route=\/wp\/v2\/pages"}],"about":[{"href":"http:\/\/krzyza.strzelin.archidiecezja.wroc.pl\/index.php?rest_route=\/wp\/v2\/types\/page"}],"author":[{"embeddable":true,"href":"http:\/\/krzyza.strzelin.archidiecezja.wroc.pl\/index.php?rest_route=\/wp\/v2\/users\/1"}],"replies":[{"embeddable":true,"href":"http:\/\/krzyza.strzelin.archidiecezja.wroc.pl\/index.php?rest_route=%2Fwp%2Fv2%2Fcomments&post=199"}],"version-history":[{"count":49,"href":"http:\/\/krzyza.strzelin.archidiecezja.wroc.pl\/index.php?rest_route=\/wp\/v2\/pages\/199\/revisions"}],"predecessor-version":[{"id":9983,"href":"http:\/\/krzyza.strzelin.archidiecezja.wroc.pl\/index.php?rest_route=\/wp\/v2\/pages\/199\/revisions\/9983"}],"wp:featuredmedia":[{"embeddable":true,"href":"http:\/\/krzyza.strzelin.archidiecezja.wroc.pl\/index.php?rest_route=\/wp\/v2\/media\/8016"}],"wp:attachment":[{"href":"http:\/\/krzyza.strzelin.archidiecezja.wroc.pl\/index.php?rest_route=%2Fwp%2Fv2%2Fmedia&parent=199"}],"curies":[{"name":"wp","href":"https:\/\/api.w.org\/{rel}","templated":true}]}}